{"id":14141,"date":"2025-11-13T17:41:14","date_gmt":"2025-11-13T16:41:14","guid":{"rendered":"https:\/\/obcocinas.es\/tienda\/ob-concept-cordoba\/"},"modified":"2026-07-17T16:30:58","modified_gmt":"2026-07-17T14:30:58","slug":"ob-concept-cordoba","status":"publish","type":"tienda","link":"https:\/\/obcocinas.es\/pt\/lojas\/cordoba\/ob-concept-cordoba\/","title":{"rendered":"OB Concept"},"content":{"rendered":"\n<h3 class=\"wp-block-heading\">A tua loja de cozinhas em C\u00f3rdoba<\/h3>\n\n\n\n<p class=\"wp-block-paragraph\">N\u00e3o sabes onde encontrar as nossas cozinhas em C\u00f3rdoba? Vai ser muito f\u00e1cil lembrares-te: o mobili\u00e1rio da OB Cocinas, na OB Concept. Este est\u00fadio de design e montagem de cozinhas destaca-se, tal como n\u00f3s, pela sua paix\u00e3o pelo design cuidado at\u00e9 ao mais \u00ednfimo pormenor.<\/p>\n\n\n\n<h3 class=\"wp-block-heading\">Visite a OB Concept<\/h3>\n\n\n\n<p class=\"wp-block-paragraph\">A OB Concept situa-se em pleno centro comercial e cultural da cidade, a menos de um minuto a p\u00e9 da famosa Pra\u00e7a das Tendillas, na Rua Victoriano Rivera. Destaca-se das outras lojas de cozinhas em C\u00f3rdoba pelo trabalho de design de interiores meticuloso e agrad\u00e1vel do pr\u00f3prio estabelecimento; algo que chama a aten\u00e7\u00e3o logo desde a montra. Isto, aliado ao excelente atendimento da equipa de aconselhamento, far\u00e1 com que n\u00e3o queira sair de l\u00e1. Se quiser come\u00e7ar a planear a sua cozinha com eles, recomendamos que marque uma consulta.<\/p>\n\n\n\n<h3 class=\"wp-block-heading\">Loja de cozinhas em C\u00f3rdoba: designs exclusivos e personalizados<\/h3>\n\n\n\n<p class=\"wp-block-paragraph\">Nesta loja de cozinhas na cidade de C\u00f3rdoba, vais encontrar uma vasta exposi\u00e7\u00e3o dos nossos modelos mais recentes. L\u00e1 est\u00e3o expostas tr\u00eas cozinhas amplas e completas com as nossas \u00faltimas inova\u00e7\u00f5es em termos de modelos, materiais e cores, mas tamb\u00e9m em acess\u00f3rios de arruma\u00e7\u00e3o, ilumina\u00e7\u00e3o, ergonomia, etc. E o melhor? A sua excelente equipa de profissionais pode ajudar-te a transformar o teu sonho numa realidade. A come\u00e7ar pelo aconselhamento sobre os materiais, n\u00e3o s\u00f3 relativamente aos nossos m\u00f3veis (dos quais encontrar\u00e1 um cat\u00e1logo muito completo, para al\u00e9m das cozinhas expostas), mas tamb\u00e9m sobre outros elementos, como bancadas ou puxadores. A partir da sua ideia, ir\u00e3o criar o projeto que melhor se adapta \u00e0s suas necessidades e \u00e0s caracter\u00edsticas do espa\u00e7o. Assim que o projeto estiver definido e acordado, passar\u00e3o \u00e0 sua instala\u00e7\u00e3o na sua casa, tarefa que realizar\u00e3o com a aten\u00e7\u00e3o ao detalhe que tanto os caracteriza. Por isso e por muitos outros motivos, a OB Concept \u00e9 a sua loja de m\u00f3veis de cozinha em C\u00f3rdoba.<\/p>\n\n\n\n<div class=\"gb-element-1a2528af\"><div data-src=\"https:\/\/cdn.trustindex.io\/loader.js?c26ad76746a438051176a4d8450\"><\/div>\n<\/div>\n","protected":false},"excerpt":{"rendered":"<p>A tua loja de cozinhas em C\u00f3rdoba N\u00e3o sabes onde encontrar as nossas cozinhas em C\u00f3rdoba? Vai ser muito f\u00e1cil lembrares-te: o mobili\u00e1rio da OB Cocinas, na OB Concept. Este est\u00fadio de design e montagem de cozinhas destaca-se, tal como n\u00f3s, pela sua paix\u00e3o pelo design cuidado at\u00e9 ao mais \u00ednfimo pormenor. Visite a OB [&hellip;]<\/p>\n","protected":false},"featured_media":14011,"template":"","ciudad":[1201],"provincia":[1202],"pais":[1117],"class_list":["post-14141","tienda","type-tienda","status-publish","has-post-thumbnail","hentry","ciudad-cordoba","provincia-cordoba","pais-espana"],"_links":{"self":[{"href":"https:\/\/obcocinas.es\/pt\/wp-json\/wp\/v2\/tienda\/14141","targetHints":{"allow":["GET"]}}],"collection":[{"href":"https:\/\/obcocinas.es\/pt\/wp-json\/wp\/v2\/tienda"}],"about":[{"href":"https:\/\/obcocinas.es\/pt\/wp-json\/wp\/v2\/types\/tienda"}],"wp:featuredmedia":[{"embeddable":true,"href":"https:\/\/obcocinas.es\/pt\/wp-json\/wp\/v2\/media\/14011"}],"wp:attachment":[{"href":"https:\/\/obcocinas.es\/pt\/wp-json\/wp\/v2\/media?parent=14141"}],"wp:term":[{"taxonomy":"ciudad","embeddable":true,"href":"https:\/\/obcocinas.es\/pt\/wp-json\/wp\/v2\/ciudad?post=14141"},{"taxonomy":"provincia","embeddable":true,"href":"https:\/\/obcocinas.es\/pt\/wp-json\/wp\/v2\/provincia?post=14141"},{"taxonomy":"pais","embeddable":true,"href":"https:\/\/obcocinas.es\/pt\/wp-json\/wp\/v2\/pais?post=14141"}],"curies":[{"name":"wp","href":"https:\/\/api.w.org\/{rel}","templated":true}]}}